{"id":259,"date":"2019-11-27T13:54:55","date_gmt":"2019-11-27T12:54:55","guid":{"rendered":"https:\/\/pactuell.com\/de\/impressum-2\/"},"modified":"2024-02-14T09:15:21","modified_gmt":"2024-02-14T08:15:21","slug":"datenschutz","status":"publish","type":"page","link":"https:\/\/pactuell.com\/de\/datenschutz\/","title":{"rendered":"Daten\u00adschutz\u00ader\u00adkl\u00e4\u00adrung"},"content":{"rendered":"\n<h3 class=\"wp-block-heading\">1. Einlei\u00adtung<\/h3>\n\n\n\n<p>Mit den folgenden Infor\u00adma\u00adtionen m\u00f6chten wir Ihnen als \u201ebetrof\u00adfener Person\u201c einen \u00dcber\u00adblick \u00fcber die Verar\u00adbei\u00adtung Ihrer perso\u00adnen\u00adbe\u00adzo\u00adgenen Daten durch uns und Ihre Rechte aus den Daten\u00adschutz\u00adge\u00adsetzen geben. Eine Nutzung unserer Inter\u00adnet\u00adseiten ist grund\u00ads\u00e4tz\u00adlich ohne Eingabe perso\u00adnen\u00adbe\u00adzo\u00adgener Daten m\u00f6glich. Sofern Sie beson\u00addere Services unseres Unter\u00adneh\u00admens \u00fcber unsere Inter\u00adnet\u00adseite in Anspruch nehmen m\u00f6chten, k\u00f6nnte jedoch eine Verar\u00adbei\u00adtung perso\u00adnen\u00adbe\u00adzo\u00adgener Daten erfor\u00adder\u00adlich werden. Ist die Verar\u00adbei\u00adtung perso\u00adnen\u00adbe\u00adzo\u00adgener Daten erfor\u00adder\u00adlich und besteht f\u00fcr eine solche Verar\u00adbei\u00adtung keine gesetz\u00adliche Grund\u00adlage, holen wir gene\u00adrell eine Einwil\u00adli\u00adgung von Ihnen ein.<\/p>\n\n\n\n<h3 class=\"wp-block-heading\">2. Verant\u00adwort\u00adli\u00adcher<\/h3>\n\n\n\n<p>Verant\u00adwort\u00adli\u00adcher im Sinne der DS-GVO ist die:<\/p>\n\n\n\n<p>Uhlmann Pac-Systeme GmbH &amp; Co. KG<br>Uhlmann\u00adstra\u00dfe 14-18, 88471 Laup\u00adheim, Deutsch\u00adland<\/p>\n\n\n\n<p>Vertreter des Verant\u00adwort\u00adli\u00adchen:<\/p>\n\n\n\n<p>Mana\u00adging Direc\u00adtors<br>Prof. Dr.-Ing. Matthias Niemeyer (CEO)<br>Michael Mrachacz (CSO)<br>Cris\u00adtian Reiter (CTO)<br>Alex\u00adander Sch\u00f6ll\u00adhorn (CFO)<\/p>\n\n\n\n<h3 class=\"wp-block-heading\">3. Daten\u00adschutz\u00adbe\u00adauf\u00adtragter<\/h3>\n\n\n\n<p>Den Daten\u00adschutz\u00adbe\u00adauf\u00adtragten errei\u00adchen Sie wie folgt:<\/p>\n\n\n\n<p>E-Mail: <a href=\"m&#97;&#x69;&#x6c;t&#111;&#x3a;&#x44;a&#116;&#x65;&#x6e;s&#99;&#x68;&#x75;t&#122;&#x40;&#x75;h&#108;&#109;&#x61;&#x6e;n&#46;&#x64;&#x65;\">&#x44;&#x61;&#116;en&#x73;&#x63;&#104;&#117;t&#x7a;&#x40;&#117;&#104;l&#x6d;&#x61;&#x6e;&#110;&#46;d&#x65;<\/a><\/p>\n\n\n\n<p>Sie k\u00f6nnen sich jeder\u00adzeit bei allen Fragen und Anre\u00adgungen zum Daten\u00adschutz direkt an unseren Daten\u00adschutz\u00adbe\u00adauf\u00adtragten wenden.<\/p>\n\n\n\n<h3 class=\"wp-block-heading\">4. Rechts\u00adgrund\u00adlage der Verar\u00adbei\u00adtung<\/h3>\n\n\n\n<p>Art. 6 Abs. 1 lit. a DS-GVO (i.V.m. \u00a7 25 Abs. 1 TTDSG) dient unserem Unter\u00adnehmen als Rechts\u00adgrund\u00adlage f\u00fcr Verar\u00adbei\u00adtungs\u00advor\u00adg\u00e4nge, bei denen wir eine Einwil\u00adli\u00adgung f\u00fcr einen bestimmten Verar\u00adbei\u00adtungs\u00adzweck einholen.<\/p>\n\n\n\n<p>Ist die Verar\u00adbei\u00adtung perso\u00adnen\u00adbe\u00adzo\u00adgener Daten zur Erf\u00fcl\u00adlung eines Vertrags, dessen Vertrags\u00adpartei Sie sind, erfor\u00adder\u00adlich, wie dies beispiels\u00adweise bei Verar\u00adbei\u00adtungs\u00advor\u00adg\u00e4ngen der Fall ist, die f\u00fcr eine Liefe\u00adrung von Waren oder die Erbrin\u00adgung einer sons\u00adtigen Leis\u00adtung oder Gegen\u00adleis\u00adtung notwendig sind, so beruht die Verar\u00adbei\u00adtung auf Art. 6 Abs. 1 lit. b DS-GVO. Glei\u00adches gilt f\u00fcr solche Verar\u00adbei\u00adtungs\u00advor\u00adg\u00e4nge die zur Durch\u00adf\u00fch\u00adrung vorver\u00adtrag\u00adli\u00adcher Ma\u00dfnahmen erfor\u00adder\u00adlich sind, etwa in F\u00e4llen von Anfragen zu unseren Produkten oder Leis\u00adtungen.<\/p>\n\n\n\n<p>Unter\u00adliegt unser Unter\u00adnehmen einer recht\u00adli\u00adchen Verpflich\u00adtung durch welche eine Verar\u00adbei\u00adtung von perso\u00adnen\u00adbe\u00adzo\u00adgenen Daten erfor\u00adder\u00adlich wird, wie beispiels\u00adweise zur Erf\u00fcl\u00adlung steu\u00ader\u00adli\u00adcher Pflichten, so basiert die Verar\u00adbei\u00adtung auf Art. 6 Abs. 1 lit. c DS-GVO.<\/p>\n\n\n\n<p>In seltenen F\u00e4llen k\u00f6nnte die Verar\u00adbei\u00adtung von perso\u00adnen\u00adbe\u00adzo\u00adgenen Daten erfor\u00adder\u00adlich werden, um lebens\u00adwich\u00adtige Inter\u00adessen der betrof\u00adfenen Person oder einer anderen nat\u00fcr\u00adli\u00adchen Person zu sch\u00fctzen. Dies w\u00e4re beispiels\u00adweise der Fall, wenn ein Besu\u00adcher in unserem Betrieb verletzt werden w\u00fcrde und daraufhin sein Name, sein Alter, seine Kran\u00adken\u00adkas\u00adsen\u00addaten oder sons\u00adtige lebens\u00adwich\u00adtige Infor\u00adma\u00adtionen an einen Arzt, ein Kran\u00adken\u00adhaus oder sons\u00adtige Dritte weiter\u00adge\u00adgeben werden m\u00fcssten. Dann w\u00fcrde die Verar\u00adbei\u00adtung auf Art. 6 Abs. 1 lit. d DS-GVO beruhen.<\/p>\n\n\n\n<p>Letzt\u00adlich k\u00f6nnten Verar\u00adbei\u00adtungs\u00advor\u00adg\u00e4nge auf Art. 6 Abs. 1 lit. f DS-GVO beruhen. Auf dieser Rechts\u00adgrund\u00adlage basieren Verar\u00adbei\u00adtungs\u00advor\u00adg\u00e4nge, die von keiner der vorge\u00adnannten Rechts\u00adgrund\u00adlagen erfasst werden, wenn die Verar\u00adbei\u00adtung zur Wahrung eines berech\u00adtigten Inter\u00adesses unseres Unter\u00adneh\u00admens oder eines Dritten erfor\u00adder\u00adlich ist, sofern die Inter\u00adessen, Grund\u00adrechte und Grund\u00adfrei\u00adheiten des Betrof\u00adfenen nicht \u00fcber\u00adwiegen. Solche Verar\u00adbei\u00adtungs\u00advor\u00adg\u00e4nge sind uns insbe\u00adson\u00addere deshalb gestattet, weil sie durch den Euro\u00adp\u00e4i\u00adschen Gesetz\u00adgeber beson\u00adders erw\u00e4hnt wurden. Er vertrat inso\u00adweit die Auffas\u00adsung, dass ein berech\u00adtigtes Inter\u00adesse anzu\u00adnehmen sein k\u00f6nnte, wenn Sie ein Kunde unseres Unter\u00adneh\u00admens sind (Erw\u00e4\u00adgungs\u00adgrund 47 Satz 2 DS-GVO).<\/p>\n\n\n\n<h3 class=\"wp-block-heading\">5. Technik<\/h3>\n\n\n\n<h4 class=\"wp-block-heading\">5.1 SSL\/TLS-Verschl\u00fcs\u00adse\u00adlung<\/h4>\n\n\n\n<p>Diese Seite nutzt zur Gew\u00e4hr\u00adleis\u00adtung der Sicher\u00adheit der Daten\u00adver\u00adar\u00adbei\u00adtung und zum Schutz der \u00dcber\u00adtra\u00adgung vertrau\u00adli\u00adcher Inhalte, wie zum Beispiel Bestel\u00adlungen, Login-Daten oder Kontakt\u00adan\u00adfragen, die Sie an uns als Betreiber senden, eine SSL-bzw. TLS-Verschl\u00fcs\u00adse\u00adlung. Eine verschl\u00fcs\u00adselte Verbin\u00addung erkennen Sie daran, dass in der Adress\u00adzeile des Brow\u00adsers statt einem \u201ehttp:\/\/\u201c ein \u201ehttps:\/\/\u201c steht und an dem Schloss-Symbol in Ihrer Brow\u00adser\u00adzeile.<\/p>\n\n\n\n<p>Wir setzen diese Tech\u00adno\u00adlogie ein, um Ihre \u00fcber\u00admit\u00adtelten Daten zu sch\u00fctzen.<\/p>\n\n\n\n<h4 class=\"wp-block-heading\">5.2 Cloud\u00adflare (Content Deli\u00advery Network)<\/h4>\n\n\n\n<p>Unsere Webseite nutzt Funk\u00adtionen von Cloud\u00adFlare. Anbieter ist die Cloud\u00adFlare, Inc. 665 3rd St. #200, San Fran\u00adcisco, CA 94107, USA.<\/p>\n\n\n\n<p>Cloud\u00adFlare bietet ein welt\u00adweit verteiltes Content Deli\u00advery Network mit DNS an. Tech\u00adnisch wird der Infor\u00adma\u00adti\u00adons\u00adtransfer zwischen Ihrem Browser und unserer Webseite \u00fcber das Netz\u00adwerk von Cloud\u00adFlare geleitet. Cloud\u00adFlare ist damit in der Lage, den Daten\u00adver\u00adkehr zwischen Anwender und unseren Webseiten zu analy\u00adsieren, um beispiels\u00adweise Angriffe auf unsere Dienste zu erkennen und abzu\u00adwehren. Zudem spei\u00adchert Cloud\u00adFlare zur Opti\u00admie\u00adrung und Analyse unter Umst\u00e4nden Cookies auf Ihrem Rechner.<\/p>\n\n\n\n<p>Sie k\u00f6nnen Ihren Browser so einstellen, dass Sie \u00fcber das Setzen von Cookies infor\u00admiert werden und Cookies nur im Einzel\u00adfall erlauben, die Annahme von Cookies f\u00fcr bestimmte F\u00e4lle oder gene\u00adrell ausschlie\u00dfen sowie das auto\u00adma\u00adti\u00adsche L\u00f6schen der Cookies beim Schlie\u00dfen des Brow\u00adsers akti\u00advieren. Bei der Deak\u00adti\u00advie\u00adrung von Cookies kann die Funk\u00adtio\u00adna\u00adlit\u00e4t dieser Webseite einge\u00adschr\u00e4nkt sein.<\/p>\n\n\n\n<p>Wir haben mit Cloud\u00adflare auf Basis der DS-GVO eine entspre\u00adchende Verein\u00adba\u00adrung zur Auftrags\u00adver\u00adar\u00adbei\u00adtung bzw. nach EU-Stan\u00addard\u00adver\u00adtrags\u00adklau\u00adseln abge\u00adschlossen. Cloud\u00adflare erhebt statis\u00adti\u00adsche Daten \u00fcber den Besuch dieser Webseite. Zu den Zugriffs\u00addaten geh\u00f6ren: Name der abge\u00adru\u00adfenen Webseite, Datei, Datum und Uhrzeit des Abrufs, \u00fcber\u00adtra\u00adgene Daten\u00admenge, Meldung \u00fcber erfolg\u00adrei\u00adchen Abruf, Brow\u00adsertyp nebst Version, das Betriebs\u00adsystem des Nutzers, Referrer URL (die zuvor besuchte Seite), IP-Adresse und der anfra\u00adgende Provider. Cloud\u00adflare verwendet die Proto\u00adkoll\u00addaten f\u00fcr statis\u00adti\u00adsche Auswer\u00adtungen zum Zweck des Betriebs, der Sicher\u00adheit und der Opti\u00admie\u00adrung des Ange\u00adbots.<\/p>\n\n\n\n<p>Wenn Sie einge\u00adwil\u00adligt haben, dass Cloud\u00adflare einge\u00adsetzt werden darf, ist die Rechts\u00adgrund\u00adlage f\u00fcr die Verar\u00adbei\u00adtung perso\u00adnen\u00adbe\u00adzo\u00adgener Daten Art. 6 Abs. 1 lit. a DS-GVO. Zudem besteht unse\u00adrer\u00adseits ein berech\u00adtigtes Inter\u00adesse, Cloud\u00adflare zu verwenden, um unser Online\u00adan\u00adgebot zu opti\u00admieren und sicherer zu machen. Die entspre\u00adchende Rechts\u00adgrund\u00adlage daf\u00fcr ist Art. 6 Abs. 1 lit. f DS-GVO. Die perso\u00adnen\u00adbe\u00adzo\u00adgenen Daten werden solange aufbe\u00adwahrt, wie sie zur Erf\u00fcl\u00adlung des Verar\u00adbei\u00adtungs\u00adzwecks erfor\u00adder\u00adlich sind. Die Daten werden gel\u00f6scht, sobald sie f\u00fcr die Zwecker\u00adrei\u00adchung nicht mehr erfor\u00adder\u00adlich sind.<\/p>\n\n\n\n<p>Die \u00dcber\u00admitt\u00adlung Ihrer perso\u00adnen\u00adbe\u00adzo\u00adgenen Daten in die USA erfolgt auf der Grund\u00adlage der Stan\u00addard\u00adver\u00adtrags\u00adklau\u00adseln.<\/p>\n\n\n\n<p>N\u00e4here Infor\u00adma\u00adtionen zu Cloud\u00adFlare finden Sie unter: <a href=\"https:\/\/www.cloudflare.com\/privacypolicy\/\">https:\/\/www.cloudflare.com\/privacypolicy\/<\/a>.<\/p>\n\n\n\n<h4 class=\"wp-block-heading\">5.3 Hosting durch Host Europe<\/h4>\n\n\n\n<p>Wir hosten unsere Webseite bei der Host Europe GmbH, Hanse\u00adstra\u00dfe 111, 51149 K\u00f6ln (im Weiteren Host Europe genannt).<\/p>\n\n\n\n<p>Wenn Sie unsere Webseite besu\u00adchen, werden Ihre perso\u00adnen\u00adbe\u00adzo\u00adgenen Daten (z.B. IP-Adressen in Logfiles) auf den Servern von Host Europe verar\u00adbeitet.<\/p>\n\n\n\n<p>Die Verwen\u00addung von Host Europe erfolgt auf Grund\u00adlage von Art. 6 Abs. 1 lit. f DS-GVO. Wir haben ein berech\u00adtigtes Inter\u00adesse an einer m\u00f6glichst zuver\u00adl\u00e4s\u00adsigen Darstel\u00adlung und Bereit\u00adstel\u00adlung sowie Absi\u00adche\u00adrung unserer Webseite.<\/p>\n\n\n\n<p>Wir haben einen Vertrag zur Auftrags\u00adver\u00adar\u00adbei\u00adtung (AVV) gem. Art. 28 DS-GVO mit Host Europe geschlossen. Hierbei handelt es sich um einen daten\u00adschutz\u00adrecht\u00adlich vorge\u00adschrie\u00adbenen Vertrag, der gew\u00e4hr\u00adleistet, dass Host Europe die perso\u00adnen\u00adbe\u00adzo\u00adgenen Daten unserer Websei\u00adten\u00adbe\u00adsu\u00adcher nur nach unseren Weisungen und unter Einhal\u00adtung der DS-GVO verar\u00adbeitet.<\/p>\n\n\n\n<p>N\u00e4here Infor\u00adma\u00adtionen zu Daten\u00adschutz\u00adbe\u00adstim\u00admungen von Host Europe finden Sie unter: <a href=\"https:\/\/www.hosteurope.de\/AGB\/Datenschutzerklaerung\/\">https:\/\/www.hosteurope.de\/AGB\/Datenschutzerklaerung\/<\/a><\/p>\n\n\n\n<h3 class=\"wp-block-heading\">6. Cookies<\/h3>\n\n\n\n<h4 class=\"wp-block-heading\">6.1 Allge\u00admeines zu Cookies<\/h4>\n\n\n\n<p>Bei Cookies handelt es sich um kleine Dateien, die Ihr Browser auto\u00adma\u00adtisch erstellt und die auf Ihrem IT-System (Laptop, Tablet, Smart\u00adphone o.\u00c4.) gespei\u00adchert werden, wenn Sie unsere Seite besu\u00adchen.<\/p>\n\n\n\n<p>In dem Cookie werden Infor\u00adma\u00adtionen abge\u00adlegt, die sich jeweils aus dem Zusam\u00admen\u00adhang mit dem spezi\u00adfisch einge\u00adsetzten Endger\u00e4t ergeben. Dies bedeutet jedoch nicht, dass wir dadurch unmit\u00adtelbar Kenntnis von Ihrer Iden\u00adtit\u00e4t erhalten.<\/p>\n\n\n\n<p>Der Einsatz von Cookies dient dazu, die Nutzung unseres Ange\u00adbots f\u00fcr Sie ange\u00adnehmer zu gestalten. So setzen wir soge\u00adnannte Session-Cookies ein, um zu erkennen, dass Sie einzelne Seiten unserer Webseite bereits besucht haben. Diese werden nach Verlassen unserer Seite auto\u00adma\u00adtisch gel\u00f6scht.<\/p>\n\n\n\n<p>Dar\u00fcber hinaus setzen wir eben\u00adfalls zur Opti\u00admie\u00adrung der Benut\u00adzer\u00adfreund\u00adlich\u00adkeit tempo\u00adr\u00e4re Cookies ein, die f\u00fcr einen bestimmten fest\u00adge\u00adlegten Zeit\u00adraum auf Ihrem Endger\u00e4t gespei\u00adchert werden. Besu\u00adchen Sie unsere Seite erneut, um unsere Dienste in Anspruch zu nehmen, wird auto\u00adma\u00adtisch erkannt, dass Sie bereits bei uns waren und welche Eingaben und Einstel\u00adlungen Sie get\u00e4\u00adtigt haben, um diese nicht noch einmal eingeben zu m\u00fcssen.<\/p>\n\n\n\n<p>Zum anderen setzten wir Cookies ein, um die Nutzung unserer Webseite statis\u00adtisch zu erfassen und um unser Angebot, zum Zwecke der Opti\u00admie\u00adrung, f\u00fcr Sie auszu\u00adwerten. Diese Cookies erm\u00f6g\u00adli\u00adchen es uns, bei einem erneuten Besuch unserer Webseite auto\u00adma\u00adtisch zu erkennen, dass Sie diese bereits besucht haben. Die so gesetzten Cookies werden nach einer jeweils defi\u00adnierten Zeit auto\u00adma\u00adtisch gel\u00f6scht. Die jewei\u00adlige Spei\u00adcher\u00addauer der Cookies k\u00f6nnen den Einstel\u00adlungen des einge\u00adsetzten Consent Tools entnommen werden.<\/p>\n\n\n\n<script id=\"CookieDeclaration\" src=\"https:\/\/consent.cookiebot.com\/7632edbf-6267-450c-8839-c9b8eefd012b\/cd.js\" type=\"text\/javascript\" async><\/script>\n\n\n\n<h3 class=\"wp-block-heading\">7. News\u00adlet\u00adter\u00adver\u00adsand<\/h3>\n\n\n\n<h4 class=\"wp-block-heading\">7.1 Werbe\u00adnews\u00adletter<\/h4>\n\n\n\n<p>Auf unserer Inter\u00adnet\u00adseite wird Ihnen die M\u00f6glich\u00adkeit einge\u00adr\u00e4umt, den News\u00adletter unseres Unter\u00adneh\u00admens zu abon\u00adnieren. Welche perso\u00adnen\u00adbe\u00adzo\u00adgenen Daten bei der Bestel\u00adlung des News\u00adlet\u00adters an uns \u00fcber\u00admit\u00adtelt werden, ergibt sich aus der hierzu verwen\u00addeten Einga\u00adbe\u00admaske.<\/p>\n\n\n\n<p>Wir infor\u00admieren unsere Kunden und Gesch\u00e4fts\u00adpartner in regel\u00adm\u00e4\u00ad\u00dfigen Abst\u00e4nden im Wege eines News\u00adlet\u00adters \u00fcber unsere Ange\u00adbote. Der News\u00adletter unseres Unter\u00adneh\u00admens kann von Ihnen grund\u00ads\u00e4tz\u00adlich nur dann empfangen werden, wenn<\/p>\n\n\n\n<p>1. Sie \u00fcber eine g\u00fcltige E-Mail-Adresse verf\u00fcgen und<br>2. Sie sich f\u00fcr den News\u00adlet\u00adter\u00adver\u00adsand regis\u00adtriert haben.<\/p>\n\n\n\n<p>An die von Ihnen erst\u00admalig f\u00fcr den News\u00adlet\u00adter\u00adver\u00adsand einge\u00adtra\u00adgene E-Mail-Adresse wird aus recht\u00adli\u00adchen Gr\u00fcnden eine Best\u00e4\u00adti\u00adgungs\u00admail im Double-Opt-in-Verfahren versendet. Diese Best\u00e4\u00adti\u00adgungs\u00admail dient der \u00dcber\u00adpr\u00fc\u00adfung, ob Sie als Inhaber der E-Mail-Adresse den Empfang des News\u00adlet\u00adters auto\u00adri\u00adsiert haben.<\/p>\n\n\n\n<p>Bei der Anmel\u00addung zum News\u00adletter spei\u00adchern wir ferner die von Ihrem Internet-Service-Provider (ISP) verge\u00adbene IP-Adresse des von Ihnen zum Zeit\u00adpunkt der Anmel\u00addung verwen\u00addeten IT-Systems sowie das Datum und die Uhrzeit der Anmel\u00addung. Die Erhe\u00adbung dieser Daten ist erfor\u00adder\u00adlich, um den (m\u00f6gli\u00adchen) Miss\u00adbrauch Ihrer E-Mail-Adresse zu einem sp\u00e4teren Zeit\u00adpunkt nach\u00advoll\u00adziehen zu k\u00f6nnen und dient deshalb unserer recht\u00adli\u00adchen Absi\u00adche\u00adrung.<\/p>\n\n\n\n<p>Die im Rahmen einer Anmel\u00addung zum News\u00adletter erho\u00adbenen perso\u00adnen\u00adbe\u00adzo\u00adgenen Daten werden ausschlie\u00df\u00adlich zum Versand unseres News\u00adlet\u00adters verwendet. Ferner k\u00f6nnten Abon\u00adnenten des News\u00adlet\u00adters per E-Mail infor\u00admiert werden, sofern dies f\u00fcr den Betrieb des News\u00adletter-Dienstes oder eine dies\u00adbe\u00adz\u00fcg\u00adliche Regis\u00adtrie\u00adrung erfor\u00adder\u00adlich ist, wie dies im Falle von \u00c4nde\u00adrungen am News\u00adlet\u00adter\u00adan\u00adgebot oder bei der Ver\u00e4n\u00adde\u00adrung der tech\u00adni\u00adschen Gege\u00adben\u00adheiten der Fall sein k\u00f6nnte. Es erfolgt keine Weiter\u00adgabe der im Rahmen des News\u00adletter-Dienstes erho\u00adbenen perso\u00adnen\u00adbe\u00adzo\u00adgenen Daten an Dritte. Das Abon\u00adne\u00adment unseres News\u00adlet\u00adters kann durch Sie jeder\u00adzeit gek\u00fcn\u00addigt werden. Die Einwil\u00adli\u00adgung in die Spei\u00adche\u00adrung perso\u00adnen\u00adbe\u00adzo\u00adgener Daten, die Sie uns f\u00fcr den News\u00adlet\u00adter\u00adver\u00adsand erteilt haben, kann jeder\u00adzeit wider\u00adrufen werden. Zum Zwecke des Wider\u00adrufs der Einwil\u00adli\u00adgung findet sich in jedem News\u00adletter ein entspre\u00adchender Link. Ferner besteht die M\u00f6glich\u00adkeit, sich jeder\u00adzeit auch direkt auf unserer Inter\u00adnet\u00adseite vom News\u00adlet\u00adter\u00adver\u00adsand abzu\u00admelden oder uns dies auf andere Weise mitzu\u00adteilen.<\/p>\n\n\n\n<p>Rechts\u00adgrund\u00adlage der Daten\u00adver\u00adar\u00adbei\u00adtung zum Zwecke des News\u00adlet\u00adter\u00adver\u00adsands ist Art. 6 Abs. 1 lit. a DS-GVO.<\/p>\n\n\n\n<h4 class=\"wp-block-heading\">7.2 Rapidmail<\/h4>\n\n\n\n<p>Zum Zwecke der Analyse enthalten die mit Rapidmail, einem Dienst der der rapidmail GmbH, Went\u00adzin\u00adger\u00adstra\u00dfe 21, 79106 Frei\u00adburg im Breisgau, Deutsch\u00adland, versandten E-Mails ein sog. \u201eTracking-Pixel\u201c, das sich beim \u00d6ffnen der E-Mail mit den Servern von Rapidmail verbindet. Auf diese Weise kann fest\u00adge\u00adstellt werden, ob eine News\u00adletter-Nach\u00adricht ge\u00f6ffnet wurde.<\/p>\n\n\n\n<p>Des Weiteren k\u00f6nnen wir mit Hilfe von Rapidmail ermit\u00adteln, ob und ggf. welche Links in der News\u00adlet\u00adter\u00adnach\u00adricht ange\u00adklickt worden sind. Bei allen Links in der E-Mail handelt es sich um soge\u00adnannte Tracking-Links, mit denen Ihre Klicks gez\u00e4hlt werden k\u00f6nnen.<\/p>\n\n\n\n<p>N\u00e4heres zu den Analyse-Funk\u00adtionen von Rapidmail entnehmen Sie folgendem Link: <a href=\"https:\/\/de.rapidmail.wiki\/kategorien\/statistiken\/\">https:\/\/de.rapidmail.wiki\/kategorien\/statistiken\/<\/a>.<\/p>\n\n\n\n<p>Die Daten\u00adver\u00adar\u00adbei\u00adtung erfolgt auf Grund\u00adlage Ihrer Einwil\u00adli\u00adgung (Art. 6 Abs. 1 lit. a DS-GVO). Sie k\u00f6nnen diese Einwil\u00adli\u00adgung jeder\u00adzeit wider\u00adrufen. Die Recht\u00adm\u00e4\u00ad\u00dfig\u00adkeit der bereits erfolgten Daten\u00adver\u00adar\u00adbei\u00adtungs\u00advor\u00adg\u00e4nge bleibt von dem Widerruf unbe\u00adr\u00fchrt.<\/p>\n\n\n\n<p>Die von Ihnen erteilte Einwil\u00adli\u00adgung k\u00f6nnen Sie jeder\u00adzeit wider\u00adrufen. Die Verar\u00adbei\u00adtung k\u00f6nnen Sie auch jeder\u00adzeit dadurch verhin\u00addern, dass Sie den News\u00adletter abbe\u00adstellen. Auch k\u00f6nnen Sie die Spei\u00adche\u00adrung von Cookies durch eine entspre\u00adchende Einstel\u00adlung Ihres Webbrow\u00adsers verhin\u00addern. Auch durch die Deak\u00adti\u00advie\u00adrung von Java-Script in Ihrem Webbrowser oder die Instal\u00adla\u00adtion eines Java-Script-Blockers (z.B. <a href=\"https:\/\/noscript.net\">https:\/\/noscript.net<\/a> oder <a href=\"https:\/\/www.ghostery.com\">https:\/\/www.ghostery.com<\/a>) k\u00f6nnen Sie die Spei\u00adche\u00adrung und \u00dcber\u00admitt\u00adlung perso\u00adnen\u00adbe\u00adzo\u00adgenen Daten verhin\u00addern. Wir weisen Sie darauf hin, dass durch diese Ma\u00dfnahmen m\u00f6gli\u00adcher\u00adweise nicht mehr alle Funk\u00adtionen unseres Inter\u00adnet\u00adan\u00adge\u00adbotes zur Verf\u00fc\u00adgung stehen.<\/p>\n\n\n\n<p>Die von Ihnen zum Zwecke des News\u00adletter-Bezugs bei uns hinter\u00adlegten Daten werden von uns bis zu Ihrer Austra\u00adgung aus dem News\u00adletter gespei\u00adchert und nach der Abbe\u00adstel\u00adlung des News\u00adlet\u00adters sowohl von unseren Servern als auch von den Servern von Rapidmail gel\u00f6scht. Daten, die zu anderen Zwecken bei uns gespei\u00adchert wurden (z.B. E-Mail-Adressen f\u00fcr den Mitglie\u00adder\u00adbe\u00adreich) bleiben hiervon unbe\u00adr\u00fchrt.<\/p>\n\n\n\n<p>Die Daten\u00adschutz\u00adbe\u00adstim\u00admungen von Rapidmail k\u00f6nnen Sie einsehen unter: <a href=\"https:\/\/www.rapidmail.de\/datensicherheit\">https:\/\/www.rapidmail.de\/datensicherheit<\/a>.<\/p>\n\n\n\n<h3 class=\"wp-block-heading\">8. Webana\u00adlyse<\/h3>\n\n\n\n<h4 class=\"wp-block-heading\">8.1 Matomo<\/h4>\n\n\n\n<p>Wir haben auf dieser Inter\u00adnet\u00adseite die Kompo\u00adnente Matomo des Anbie\u00adters Inno\u00adCraft Ltd., 150 Willis St, 6011 Wellington, Neusee\u00adland, inte\u00adgriert. Matomo ist ein Soft\u00adware\u00adtool zur Web-Analyse, also zur Erhe\u00adbung, Samm\u00adlung und Auswer\u00adtung von Daten \u00fcber das Verhalten von Besu\u00adchern von Inter\u00adnet\u00adseiten. Es werden dabei unter anderem Daten dar\u00fcber erfasst, von welcher Inter\u00adnet\u00adseite eine betrof\u00adfene Person auf eine Inter\u00adnet\u00adseite gekommen ist (soge\u00adnannter Referrer), auf welche Unter\u00adseiten der Inter\u00adnet\u00adseite zuge\u00adgriffen oder wie oft und f\u00fcr welche Verweil\u00addauer eine Unter\u00adseite betrachtet wurde. Dies wird zur Opti\u00admie\u00adrung der Inter\u00adnet\u00adseite und zur Kosten-Nutzen-Analyse von Inter\u00adnet\u00adwer\u00adbung einge\u00adsetzt.<\/p>\n\n\n\n<p>Die Soft\u00adware wird auf dem Server des f\u00fcr die Verar\u00adbei\u00adtung Verant\u00adwort\u00adli\u00adchen betrieben, die daten\u00adschutz\u00adrecht\u00adlich sensi\u00adblen Logda\u00adteien werden ausschlie\u00df\u00adlich auf diesem Server gespei\u00adchert.<\/p>\n\n\n\n<p>Matomo setzt ein Cookie auf Ihrem IT-System. Mit dem Setzen des Cookies wird uns eine Analyse der Benut\u00adzung unserer Inter\u00adnet\u00adseite erm\u00f6g\u00adlicht. Durch jeden Aufruf einer der Einzel\u00adseiten dieser Inter\u00adnet\u00adseite wird der Inter\u00adnet\u00adbrowser auf Ihrem IT-System auto\u00adma\u00adtisch durch die Matomo-Kompo\u00adnente veran\u00adlasst, Daten zum Zwecke der Online-Analyse an unseren Server zu \u00fcber\u00admit\u00adteln. Im Rahmen dieses tech\u00adni\u00adschen Verfah\u00adrens erhalten wir Kenntnis \u00fcber perso\u00adnen\u00adbe\u00adzo\u00adgene Daten, wie der IP-Adresse der betrof\u00adfenen Person, die uns unter anderem dazu dient, die Herkunft der Besu\u00adcher und Klicks nach\u00adzu\u00advoll\u00adziehen.<\/p>\n\n\n\n<p>Mittels des Cookies werden perso\u00adnen\u00adbe\u00adzo\u00adgene Infor\u00adma\u00adtionen, beispiels\u00adweise die Zugriffs\u00adzeit, der Ort, von welchem ein Zugriff ausging und die H\u00e4ufig\u00adkeit der Besuche auf unserer Inter\u00adnet\u00adseite gespei\u00adchert. Bei jedem Besuch unserer Inter\u00adnet\u00adseiten werden diese perso\u00adnen\u00adbe\u00adzo\u00adgenen Daten, einschlie\u00df\u00adlich der IP-Adresse des von Ihnen genutzten Inter\u00adnet\u00adan\u00adschlusses, an unseren Server \u00fcber\u00adtragen. Diese perso\u00adnen\u00adbe\u00adzo\u00adgenen Daten werden durch uns gespei\u00adchert. Wir geben diese perso\u00adnen\u00adbe\u00adzo\u00adgenen Daten nicht an Dritte weiter.<\/p>\n\n\n\n<p>Diese Verar\u00adbei\u00adtungs\u00advor\u00adg\u00e4nge erfolgen ausschlie\u00df\u00adlich bei Ertei\u00adlung der ausdr\u00fcck\u00adli\u00adchen Einwil\u00adli\u00adgung gem\u00e4\u00df Art. 6 Abs. 1 lit. a DS-GVO.<\/p>\n\n\n\n<p>Die Daten\u00adschutz\u00adbe\u00adstim\u00admungen von Matomo k\u00f6nnen Sie einsehen unter: <a href=\"https:\/\/matomo.org\/privacy\/\">https:\/\/matomo.org\/privacy\/<\/a> abge\u00adrufen werden.<\/p>\n\n\n\n<h3 class=\"wp-block-heading\">9. Ihre Rechte als betrof\u00adfene Person<\/h3>\n\n\n\n<h4 class=\"wp-block-heading\">9.1 Recht auf Best\u00e4\u00adti\u00adgung<\/h4>\n\n\n\n<p>Sie haben das Recht, von uns eine Best\u00e4\u00adti\u00adgung dar\u00fcber zu verlangen, ob Sie betref\u00adfende perso\u00adnen\u00adbe\u00adzo\u00adgene Daten verar\u00adbeitet werden.<\/p>\n\n\n\n<h4 class=\"wp-block-heading\">9.2 Recht auf Auskunft Art. 15 DS-GVO<\/h4>\n\n\n\n<p>Sie haben das Recht, jeder\u00adzeit von uns unent\u00adgelt\u00adliche Auskunft \u00fcber die zu Ihrer Person gespei\u00adcherten perso\u00adnen\u00adbe\u00adzo\u00adgenen Daten sowie eine Kopie dieser Daten nach Ma\u00dfgabe der gesetz\u00adli\u00adchen Bestim\u00admungen zu erhalten.<\/p>\n\n\n\n<h4 class=\"wp-block-heading\">9.3 Recht auf Berich\u00adti\u00adgung Art. 16 DS-GVO<\/h4>\n\n\n\n<p>Sie haben das Recht, die Berich\u00adti\u00adgung Sie betref\u00adfender unrich\u00adtiger perso\u00adnen\u00adbe\u00adzo\u00adgener Daten zu verlangen. Ferner steht Ihnen das Recht zu, unter Ber\u00fcck\u00adsich\u00adti\u00adgung der Zwecke der Verar\u00adbei\u00adtung, die Vervoll\u00adst\u00e4n\u00addi\u00adgung unvoll\u00adst\u00e4n\u00addiger perso\u00adnen\u00adbe\u00adzo\u00adgener Daten zu verlangen.<\/p>\n\n\n\n<h4 class=\"wp-block-heading\">9.4 L\u00f6schung Art. 17 DS-GVO<\/h4>\n\n\n\n<p>Sie haben das Recht, von uns zu verlangen, dass die Sie betref\u00adfenden perso\u00adnen\u00adbe\u00adzo\u00adgenen Daten unver\u00adz\u00fcg\u00adlich gel\u00f6scht werden, sofern einer der gesetz\u00adlich vorge\u00adse\u00adhenen Gr\u00fcnde zutrifft und soweit die Verar\u00adbei\u00adtung bzw. Spei\u00adche\u00adrung nicht erfor\u00adder\u00adlich ist.<\/p>\n\n\n\n<h4 class=\"wp-block-heading\">9.5 Einschr\u00e4n\u00adkung der Verar\u00adbei\u00adtung Art. 18 DS-GVO<\/h4>\n\n\n\n<p>Sie haben das Recht, von uns die Einschr\u00e4n\u00adkung der Verar\u00adbei\u00adtung zu verlangen, wenn eine der gesetz\u00adli\u00adchen Voraus\u00adset\u00adzungen gegeben ist.<\/p>\n\n\n\n<h4 class=\"wp-block-heading\">9.6 Daten\u00ad\u00fcber\u00adtrag\u00adbar\u00adkeit Art. 20 DS-GVO<\/h4>\n\n\n\n<p>Sie haben das Recht, die Sie betref\u00adfenden perso\u00adnen\u00adbe\u00adzo\u00adgenen Daten, welche uns durch Sie bereit\u00adge\u00adstellt wurden, in einem struk\u00adtu\u00adrierten, g\u00e4ngigen und maschi\u00adnen\u00adles\u00adbaren Format zu erhalten. Sie haben au\u00dferdem das Recht, diese Daten einem anderen Verant\u00adwort\u00adli\u00adchen ohne Behin\u00adde\u00adrung durch uns, dem die perso\u00adnen\u00adbe\u00adzo\u00adgenen Daten bereit\u00adge\u00adstellt wurden, zu \u00fcber\u00admit\u00adteln, sofern die Verar\u00adbei\u00adtung auf der Einwil\u00adli\u00adgung gem\u00e4\u00df Art. 6 Abs. 1 lit. a DS-GVO oder Art. 9 Abs. 2 lit. a DS-GVO oder auf einem Vertrag gem\u00e4\u00df Art. 6 Abs. 1 lit. b DS-GVO beruht und die Verar\u00adbei\u00adtung mithilfe auto\u00adma\u00adti\u00adsierter Verfahren erfolgt, sofern die Verar\u00adbei\u00adtung nicht f\u00fcr die Wahr\u00adneh\u00admung einer Aufgabe erfor\u00adder\u00adlich ist, die im \u00f6ffent\u00adli\u00adchen Inter\u00adesse liegt oder in Aus\u00fcbung \u00f6ffent\u00adli\u00adcher Gewalt erfolgt, welche uns \u00fcber\u00adtragen wurde.<\/p>\n\n\n\n<p>Ferner haben Sie bei der Aus\u00fcbung Ihres Rechts auf Daten\u00ad\u00fcber\u00adtrag\u00adbar\u00adkeit gem\u00e4\u00df Art. 20 Abs. 1 DS-GVO das Recht, zu erwirken, dass die perso\u00adnen\u00adbe\u00adzo\u00adgenen Daten direkt von einem Verant\u00adwort\u00adli\u00adchen an einen anderen Verant\u00adwort\u00adli\u00adchen \u00fcber\u00admit\u00adtelt werden, soweit dies tech\u00adnisch machbar ist und sofern hiervon nicht die Rechte und Frei\u00adheiten anderer Personen beein\u00adtr\u00e4ch\u00adtigt werden.<\/p>\n\n\n\n<h4 class=\"wp-block-heading\">9.7 Wider\u00adspruch Art. 21 DS-GVO<\/h4>\n\n\n\n<p>Sie haben das Recht, aus Gr\u00fcnden, die sich aus Ihrer beson\u00adderen Situa\u00adtion ergeben, jeder\u00adzeit gegen die Verar\u00adbei\u00adtung Sie betref\u00adfender perso\u00adnen\u00adbe\u00adzo\u00adgener Daten, die aufgrund von Art. 6 Abs. 1 lit. e (Daten\u00adver\u00adar\u00adbei\u00adtung im \u00f6ffent\u00adli\u00adchen Inter\u00adesse) oder f (Daten\u00adver\u00adar\u00adbei\u00adtung auf Grund\u00adlage einer Inter\u00ades\u00adsen\u00adab\u00adw\u00e4\u00adgung) DS-GVO erfolgt, Wider\u00adspruch einzu\u00adlegen.<\/p>\n\n\n\n<p>Dies gilt auch f\u00fcr ein auf diese Bestim\u00admungen gest\u00fctztes Profiling im Sinne von Art. 4 Nr. 4 DS-GVO.<\/p>\n\n\n\n<p>Legen Sie Wider\u00adspruch ein, werden wir Ihre perso\u00adnen\u00adbe\u00adzo\u00adgenen Daten nicht mehr verar\u00adbeiten, es sei denn, wir k\u00f6nnen zwin\u00adgende berech\u00adtigte Gr\u00fcnde f\u00fcr die Verar\u00adbei\u00adtung nach\u00adweisen, die Ihre Inter\u00adessen, Rechte und Frei\u00adheiten \u00fcber\u00adwiegen, oder sofern die Verar\u00adbei\u00adtung der Geltend\u00adma\u00adchung, Aus\u00fcbung oder Vertei\u00addi\u00adgung von Rechts\u00adan\u00adspr\u00fc\u00adchen dient.<\/p>\n\n\n\n<p>In Einzel\u00adf\u00e4llen verar\u00adbeiten wir perso\u00adnen\u00adbe\u00adzo\u00adgene Daten, um Direkt\u00adwer\u00adbung zu betreiben. Sie k\u00f6nnen jeder\u00adzeit Wider\u00adspruch gegen die Verar\u00adbei\u00adtung der perso\u00adnen\u00adbe\u00adzo\u00adgenen Daten zum Zwecke derar\u00adtiger Werbung einlegen. Dies gilt auch f\u00fcr das Profiling, soweit es mit solcher Direkt\u00adwer\u00adbung in Verbin\u00addung steht. Wider\u00adspre\u00adchen Sie gegen\u00ad\u00fcber uns der Verar\u00adbei\u00adtung f\u00fcr Zwecke der Direkt\u00adwer\u00adbung, so werden wir die perso\u00adnen\u00adbe\u00adzo\u00adgenen Daten nicht mehr f\u00fcr diese Zwecke verar\u00adbeiten.<\/p>\n\n\n\n<p>Zudem haben Sie das Recht, aus Gr\u00fcnden, die sich aus Ihrer beson\u00adderen Situa\u00adtion ergeben, gegen die Sie betref\u00adfende Verar\u00adbei\u00adtung perso\u00adnen\u00adbe\u00adzo\u00adgener Daten, die bei uns zu wissen\u00adschaft\u00adli\u00adchen oder histo\u00adri\u00adschen Forschungs\u00adzwe\u00adcken oder zu statis\u00adti\u00adschen Zwecken gem\u00e4\u00df Art. 89 Abs. 1 DS-GVO erfolgen, Wider\u00adspruch einzu\u00adlegen, es sei denn, eine solche Verar\u00adbei\u00adtung ist zur Erf\u00fcl\u00adlung einer im \u00f6ffent\u00adli\u00adchen Inter\u00adesse liegenden Aufgabe erfor\u00adder\u00adlich.<\/p>\n\n\n\n<p>Ihnen steht es frei, im Zusam\u00admen\u00adhang mit der Nutzung von Diensten der Infor\u00adma\u00adti\u00adons\u00adge\u00adsell\u00adschaft, unge\u00adachtet der Richt\u00adlinie 2002\/58\/EG, Ihr Wider\u00adspruchs\u00adrecht mittels auto\u00adma\u00adti\u00adsierter Verfahren auszu\u00ad\u00fcben, bei denen tech\u00adni\u00adsche Spezi\u00adfi\u00adka\u00adtionen verwendet werden.<\/p>\n\n\n\n<h4 class=\"wp-block-heading\">9.8 Widerruf einer daten\u00adschutz\u00adrecht\u00adli\u00adchen Einwil\u00adli\u00adgung<\/h4>\n\n\n\n<p>Sie haben das Recht, eine Einwil\u00adli\u00adgung zur Verar\u00adbei\u00adtung perso\u00adnen\u00adbe\u00adzo\u00adgener Daten jeder\u00adzeit mit Wirkung f\u00fcr die Zukunft zu wider\u00adrufen.<\/p>\n\n\n\n<h4 class=\"wp-block-heading\">9.9 Beschwerde bei einer Aufsichts\u00adbe\u00adh\u00f6rde<\/h4>\n\n\n\n<p>Sie haben das Recht, sich bei einer f\u00fcr Daten\u00adschutz zust\u00e4n\u00addigen Aufsichts\u00adbe\u00adh\u00f6rde \u00fcber unsere Verar\u00adbei\u00adtung perso\u00adnen\u00adbe\u00adzo\u00adgener Daten zu beschweren.<\/p>\n\n\n\n<h4 class=\"wp-block-heading\">10. Aktua\u00adlit\u00e4t und \u00c4nde\u00adrung der Daten\u00adschutz\u00ader\u00adkl\u00e4\u00adrung<\/h4>\n\n\n\n<p>Diese Daten\u00adschutz\u00ader\u00adkl\u00e4\u00adrung ist aktuell g\u00fcltig und hat den Stand: Juli 2023.<\/p>\n\n\n\n<p>Durch die Weiter\u00adent\u00adwick\u00adlung unserer Inter\u00adnet\u00adseiten und Ange\u00adbote oder aufgrund ge\u00e4n\u00adderter gesetz\u00adli\u00adcher bezie\u00adhungs\u00adweise beh\u00f6rd\u00adli\u00adcher Vorgaben kann es notwendig werden, diese Daten\u00adschutz\u00ader\u00adkl\u00e4\u00adrung zu \u00e4ndern. Die jeweils aktu\u00adelle Daten\u00adschutz\u00ader\u00adkl\u00e4\u00adrung kann jeder\u00adzeit auf der Webseite unter \u201ehttps:\/\/pactuell.com\/de\/datenschutz\/\u201c von Ihnen abge\u00adrufen und ausge\u00addruckt werden.<\/p>\n\n\n\n<p>Diese Daten\u00adschutz\u00ader\u00adkl\u00e4\u00adrung wurde mit Unter\u00adst\u00fct\u00adzung der Daten\u00adschutz-Soft\u00adware: audatis MANAGER erstellt.<\/p>\n","protected":false},"excerpt":{"rendered":"<p>1. Einlei\u00adtung Mit den folgenden Infor\u00adma\u00adtionen m\u00f6chten wir Ihnen als \u201ebetrof\u00adfener Person\u201c einen \u00dcber\u00adblick \u00fcber die Verar\u00adbei\u00adtung Ihrer perso\u00adnen\u00adbe\u00adzo\u00adgenen Daten durch uns und Ihre Rechte aus den Daten\u00adschutz\u00adge\u00adsetzen geben. Eine Nutzung unserer Inter\u00adnet\u00adseiten ist grund\u00ads\u00e4tz\u00adlich ohne Eingabe perso\u00adnen\u00adbe\u00adzo\u00adgener Daten m\u00f6glich. Sofern Sie beson\u00addere Services unseres Unter\u00adneh\u00admens \u00fcber unsere Inter\u00adnet\u00adseite in Anspruch nehmen m\u00f6chten, k\u00f6nnte jedoch [\u2026]<\/p>\n<p><a class=\"btn btn-secondary understrap-read-more-link\" href=\"https:\/\/pactuell.com\/de\/datenschutz\/\">Weiter\u00adlesen&nbsp;\u2026<span class=\"screen-reader-text\"> from Daten\u00adschutz\u00ader\u00adkl\u00e4\u00adrung<\/span><\/a><\/p>\n","protected":false},"author":1,"featured_media":0,"parent":0,"menu_order":0,"comment_status":"closed","ping_status":"open","template":"","meta":{"_acf_changed":false,"wp_typography_post_enhancements_disabled":false,"footnotes":""},"class_list":["post-259","page","type-page","status-publish","hentry"],"acf":[],"_links":{"self":[{"href":"https:\/\/pactuell.com\/de\/wp-json\/wp\/v2\/pages\/259","targetHints":{"allow":["GET"]}}],"collection":[{"href":"https:\/\/pactuell.com\/de\/wp-json\/wp\/v2\/pages"}],"about":[{"href":"https:\/\/pactuell.com\/de\/wp-json\/wp\/v2\/types\/page"}],"author":[{"embeddable":true,"href":"https:\/\/pactuell.com\/de\/wp-json\/wp\/v2\/users\/1"}],"replies":[{"embeddable":true,"href":"https:\/\/pactuell.com\/de\/wp-json\/wp\/v2\/comments?post=259"}],"version-history":[{"count":37,"href":"https:\/\/pactuell.com\/de\/wp-json\/wp\/v2\/pages\/259\/revisions"}],"predecessor-version":[{"id":8061,"href":"https:\/\/pactuell.com\/de\/wp-json\/wp\/v2\/pages\/259\/revisions\/8061"}],"wp:attachment":[{"href":"https:\/\/pactuell.com\/de\/wp-json\/wp\/v2\/media?parent=259"}],"curies":[{"name":"wp","href":"https:\/\/api.w.org\/{rel}","templated":true}]}}